{"id":3551,"date":"2021-08-23T21:28:47","date_gmt":"2021-08-23T20:28:47","guid":{"rendered":"http:\/\/zsce.pl\/?page_id=3551"},"modified":"2022-01-07T21:32:18","modified_gmt":"2022-01-07T20:32:18","slug":"chemik-w-czasie-pandemii-2021-202","status":"publish","type":"page","link":"https:\/\/zsce.pl\/?page_id=3551","title":{"rendered":"&#8222;Chemik&#8221; w czasie pandemii (2021\/2022)"},"content":{"rendered":"<p><img loading=\"lazy\" decoding=\"async\" class=\"wp-image-3544 alignnone\" src=\"http:\/\/zsce.pl\/wp-content\/uploads\/2021\/08\/chemik_pandemia_2021.jpg\" alt=\"\" width=\"417\" height=\"155\" srcset=\"https:\/\/zsce.pl\/wp-content\/uploads\/2021\/08\/chemik_pandemia_2021.jpg 2254w, https:\/\/zsce.pl\/wp-content\/uploads\/2021\/08\/chemik_pandemia_2021-660x245.jpg 660w, https:\/\/zsce.pl\/wp-content\/uploads\/2021\/08\/chemik_pandemia_2021-840x312.jpg 840w, https:\/\/zsce.pl\/wp-content\/uploads\/2021\/08\/chemik_pandemia_2021-768x286.jpg 768w, https:\/\/zsce.pl\/wp-content\/uploads\/2021\/08\/chemik_pandemia_2021-1536x571.jpg 1536w, https:\/\/zsce.pl\/wp-content\/uploads\/2021\/08\/chemik_pandemia_2021-2048x761.jpg 2048w\" sizes=\"auto, (max-width: 417px) 100vw, 417px\" \/><\/p>\n<p><span style=\"font-family: arial, helvetica, sans-serif;\"><strong><em>Drodzy Uczniowie i Uczennice,<\/em><\/strong><\/span><br \/>\n<span style=\"font-family: arial, helvetica, sans-serif;\"><strong><em>Szanowni Pa\u0144stwo Rodzice \/ Opiekunowie prawni,<\/em><\/strong><\/span><\/p>\n<p style=\"text-align: justify;\"><span style=\"font-family: arial, helvetica, sans-serif;\">w trosce o bezpiecze\u0144stwo informujemy, \u017ce w tej zak\u0142adce na stronie internetowej szko\u0142y zamieszczane b\u0119d\u0105 niezb\u0119dne informacje oraz procedury i regulaminy obowi\u0105zuj\u0105ce na terenie Zespo\u0142u Szk\u00f3\u0142 Centrum Edukacji im. Ignacego \u0141ukasiewicza w roku szkolnym 2021\/2022.<\/span><\/p>\n<p style=\"padding-left: 40px;\"><span style=\"font-family: arial, helvetica, sans-serif;\"><img loading=\"lazy\" decoding=\"async\" class=\"alignnone wp-image-3360\" src=\"http:\/\/zsce.pl\/wp-content\/uploads\/2021\/05\/pdf.png\" alt=\"\" width=\"20\" height=\"20\" srcset=\"https:\/\/zsce.pl\/wp-content\/uploads\/2021\/05\/pdf.png 512w, https:\/\/zsce.pl\/wp-content\/uploads\/2021\/05\/pdf-365x365.png 365w\" sizes=\"auto, (max-width: 20px) 100vw, 20px\" \/>\u00a0 <a href=\"http:\/\/zsce.pl\/wp-content\/uploads\/2021\/08\/Komunikat_Dyrekcji_ZSCE__RU__24_08_2021.pdf\" target=\"_blank\" rel=\"noopener\"><span style=\"color: #ff0000;\"><strong>Komunikat Dyrektora Zespo\u0142u Szk\u00f3\u0142 Centrum Edukacji im. Ignacego \u0141ukasiewicza<\/strong> z dnia 24 sierpnia 2021 r.<\/span><\/a><\/span><br \/>\n<span style=\"font-family: arial, helvetica, sans-serif;\"><img loading=\"lazy\" decoding=\"async\" class=\"alignnone wp-image-3360\" src=\"http:\/\/zsce.pl\/wp-content\/uploads\/2021\/05\/pdf.png\" alt=\"\" width=\"20\" height=\"20\" srcset=\"https:\/\/zsce.pl\/wp-content\/uploads\/2021\/05\/pdf.png 512w, https:\/\/zsce.pl\/wp-content\/uploads\/2021\/05\/pdf-365x365.png 365w\" sizes=\"auto, (max-width: 20px) 100vw, 20px\" \/>\u00a0 <a href=\"http:\/\/zsce.pl\/wp-content\/uploads\/2021\/08\/Komunikat_Dyrekcji_ZSCE__RU__30_08_2021.pdf\" target=\"_blank\" rel=\"noopener\"><span style=\"color: #ff0000;\"><strong>Komunikat Dyrektora Zespo\u0142u Szk\u00f3\u0142 Centrum Edukacji im. Ignacego \u0141ukasiewicza<\/strong> z dnia 30 sierpnia 2021 r.<\/span><\/a><\/span><\/p>\n<p style=\"text-align: justify;\"><span style=\"font-family: arial, helvetica, sans-serif;\"><img loading=\"lazy\" decoding=\"async\" class=\"size-full wp-image-3592 alignnone\" src=\"http:\/\/zsce.pl\/wp-content\/uploads\/2021\/08\/linia01.png\" alt=\"\" width=\"1200\" height=\"10\" srcset=\"https:\/\/zsce.pl\/wp-content\/uploads\/2021\/08\/linia01.png 1200w, https:\/\/zsce.pl\/wp-content\/uploads\/2021\/08\/linia01-660x6.png 660w, https:\/\/zsce.pl\/wp-content\/uploads\/2021\/08\/linia01-840x7.png 840w, https:\/\/zsce.pl\/wp-content\/uploads\/2021\/08\/linia01-768x6.png 768w\" sizes=\"auto, (max-width: 1200px) 100vw, 1200px\" \/><\/span><br \/>\n<span style=\"font-family: arial, helvetica, sans-serif;\"><span style=\"font-size: 14pt; color: #ff0000;\"><strong>Procedury ochrony uczni\u00f3w i pracownik\u00f3w przed Covid-19<\/strong><\/span> stanowi\u0105ce za\u0142\u0105cznik do Zarz\u0105dzenia 5\/2020\/2021 Dyrektora Zespo\u0142u Szk\u00f3\u0142 Centrum Edukacji im. Ignacego \u0141ukasiewicza z dnia 30 sierpnia 2021 r.<\/span><\/p>\n<p style=\"padding-left: 40px;\" data-wp-editing=\"1\"><span style=\"font-family: arial, helvetica, sans-serif;\"><img loading=\"lazy\" decoding=\"async\" class=\"alignnone wp-image-3360\" src=\"http:\/\/zsce.pl\/wp-content\/uploads\/2021\/05\/pdf.png\" alt=\"\" width=\"20\" height=\"20\" srcset=\"https:\/\/zsce.pl\/wp-content\/uploads\/2021\/05\/pdf.png 512w, https:\/\/zsce.pl\/wp-content\/uploads\/2021\/05\/pdf-365x365.png 365w\" sizes=\"auto, (max-width: 20px) 100vw, 20px\" \/>\u00a0Za\u0142\u0105cznik nr 1 \u2013 <strong><a href=\"https:\/\/zsce.pl\/wp-content\/uploads\/2022\/01\/Zalacznik-nr-1-do-Zarzadzenia-Dyrektora-Zespolu-Szkol-Centrum-Edukacji-z-dnia-30_08_2021_aktualizacja_07_01_2022.pdf\" target=\"_blank\" rel=\"noopener\">Procedura przychodzenia uczni\u00f3w do szko\u0142y<\/a><br \/>\n<\/strong><img loading=\"lazy\" decoding=\"async\" class=\"alignnone wp-image-3360\" src=\"http:\/\/zsce.pl\/wp-content\/uploads\/2021\/05\/pdf.png\" alt=\"\" width=\"20\" height=\"20\" srcset=\"https:\/\/zsce.pl\/wp-content\/uploads\/2021\/05\/pdf.png 512w, https:\/\/zsce.pl\/wp-content\/uploads\/2021\/05\/pdf-365x365.png 365w\" sizes=\"auto, (max-width: 20px) 100vw, 20px\" \/>\u00a0Za\u0142\u0105cznik nr 2 \u2013 <strong><a href=\"http:\/\/zsce.pl\/wp-content\/uploads\/2021\/08\/Zalacznik-nr-2-do-Zarzadzenia-Dyrektora-Zespolu-Szkol-Centrum-Edukacji-z-dnia-30-sierpnia-2021-r.pdf\" target=\"_blank\" rel=\"noopener\">Procedura pobytu uczni\u00f3w w salach dydaktycznych<\/a><br \/>\n<\/strong><img loading=\"lazy\" decoding=\"async\" class=\"alignnone wp-image-3360\" src=\"http:\/\/zsce.pl\/wp-content\/uploads\/2021\/05\/pdf.png\" alt=\"\" width=\"20\" height=\"20\" srcset=\"https:\/\/zsce.pl\/wp-content\/uploads\/2021\/05\/pdf.png 512w, https:\/\/zsce.pl\/wp-content\/uploads\/2021\/05\/pdf-365x365.png 365w\" sizes=\"auto, (max-width: 20px) 100vw, 20px\" \/>\u00a0Za\u0142\u0105cznik nr 3 \u2013 <strong><a href=\"http:\/\/zsce.pl\/wp-content\/uploads\/2021\/08\/Zalacznik-nr-3-do-Zarzadzenia-Dyrektora-Zespolu-Szkol-Centrum-Edukacji-z-dnia-30-sierpnia-2021-r.pdf\" target=\"_blank\" rel=\"noopener\">Procedura organizacji zaj\u0119\u0107 wychowania fizycznego<\/a><br \/>\n<\/strong><img loading=\"lazy\" decoding=\"async\" class=\"alignnone wp-image-3360\" src=\"http:\/\/zsce.pl\/wp-content\/uploads\/2021\/05\/pdf.png\" alt=\"\" width=\"20\" height=\"20\" srcset=\"https:\/\/zsce.pl\/wp-content\/uploads\/2021\/05\/pdf.png 512w, https:\/\/zsce.pl\/wp-content\/uploads\/2021\/05\/pdf-365x365.png 365w\" sizes=\"auto, (max-width: 20px) 100vw, 20px\" \/>\u00a0Za\u0142\u0105cznik nr 4 \u2013 <strong><a href=\"http:\/\/zsce.pl\/wp-content\/uploads\/2021\/08\/Zalacznik-nr-4-do-Zarzadzenia-Dyrektora-Zespolu-Szkol-Centrum-Edukacji-z-dnia-30-sierpnia-2021-r.pdf\" target=\"_blank\" rel=\"noopener\">Procedura przestrzegania zasad ochrony w trakcie udzielania pomocy psychologiczno-pedagogicznej oraz zaj\u0119\u0107 rewalidacyjnych<\/a><br \/>\n<\/strong><img loading=\"lazy\" decoding=\"async\" class=\"alignnone wp-image-3360\" src=\"http:\/\/zsce.pl\/wp-content\/uploads\/2021\/05\/pdf.png\" alt=\"\" width=\"20\" height=\"20\" srcset=\"https:\/\/zsce.pl\/wp-content\/uploads\/2021\/05\/pdf.png 512w, https:\/\/zsce.pl\/wp-content\/uploads\/2021\/05\/pdf-365x365.png 365w\" sizes=\"auto, (max-width: 20px) 100vw, 20px\" \/>\u00a0Za\u0142\u0105cznik nr 5 \u2013 <strong><a href=\"http:\/\/zsce.pl\/wp-content\/uploads\/2021\/08\/Zalacznik-nr-5-do-Zarzadzenia-Dyrektora-Zespolu-Szkol-Centrum-Edukacji-z-dnia-30-sierpnia-2021-r.pdf\" target=\"_blank\" rel=\"noopener\">Procedura funkcjonowania biblioteki szkolnej<\/a><br \/>\n<\/strong><img loading=\"lazy\" decoding=\"async\" class=\"alignnone wp-image-3360\" src=\"http:\/\/zsce.pl\/wp-content\/uploads\/2021\/05\/pdf.png\" alt=\"\" width=\"20\" height=\"20\" srcset=\"https:\/\/zsce.pl\/wp-content\/uploads\/2021\/05\/pdf.png 512w, https:\/\/zsce.pl\/wp-content\/uploads\/2021\/05\/pdf-365x365.png 365w\" sizes=\"auto, (max-width: 20px) 100vw, 20px\" \/>\u00a0Za\u0142\u0105cznik nr 6 \u2013 <strong><a href=\"http:\/\/zsce.pl\/wp-content\/uploads\/2021\/08\/Zalacznik-nr-6-do-Zarzadzenia-Dyrektora-Zespolu-Szkol-Centrum-Edukacji-z-dnia-30-sierpnia-2021-r.pdf\" target=\"_blank\" rel=\"noopener\">Procedura post\u0119powania w przypadku stwierdzenia zagro\u017cenia zara\u017cenia wirusem Covid-19<\/a><br \/>\n<\/strong><img loading=\"lazy\" decoding=\"async\" class=\"alignnone wp-image-3360\" src=\"http:\/\/zsce.pl\/wp-content\/uploads\/2021\/05\/pdf.png\" alt=\"\" width=\"20\" height=\"20\" srcset=\"https:\/\/zsce.pl\/wp-content\/uploads\/2021\/05\/pdf.png 512w, https:\/\/zsce.pl\/wp-content\/uploads\/2021\/05\/pdf-365x365.png 365w\" sizes=\"auto, (max-width: 20px) 100vw, 20px\" \/>\u00a0Za\u0142\u0105cznik nr 7 \u2013 <strong><a href=\"http:\/\/zsce.pl\/wp-content\/uploads\/2021\/08\/Zalacznik-nr-7-do-Zarzadzenia-Dyrektora-Zespolu-Szkol-Centrum-Edukacji-z-dnia-30-sierpnia-2021-r.pdf\" target=\"_blank\" rel=\"noopener\">Procedura spo\u017cywania posi\u0142k\u00f3w na terenie szko\u0142y<\/a><br \/>\n<\/strong><img loading=\"lazy\" decoding=\"async\" class=\"alignnone wp-image-3360\" src=\"http:\/\/zsce.pl\/wp-content\/uploads\/2021\/05\/pdf.png\" alt=\"\" width=\"20\" height=\"20\" srcset=\"https:\/\/zsce.pl\/wp-content\/uploads\/2021\/05\/pdf.png 512w, https:\/\/zsce.pl\/wp-content\/uploads\/2021\/05\/pdf-365x365.png 365w\" sizes=\"auto, (max-width: 20px) 100vw, 20px\" \/>\u00a0Za\u0142\u0105cznik nr 8 \u2013 <strong><a href=\"http:\/\/zsce.pl\/wp-content\/uploads\/2021\/08\/Zalacznik-nr-8-do-Zarzadzenia-Dyrektora-Zespolu-Szkol-Centrum-Edukacji-z-dnia-30-sierpnia-2021-r.pdf\" target=\"_blank\" rel=\"noopener\">Procedura komunikacji z rodzicami\/opiekunami prawnymi w przypadku pogorszenia si\u0119 stanu zdrowia ucznia na terenie szko\u0142y<\/a><br \/>\n<\/strong><img loading=\"lazy\" decoding=\"async\" class=\"alignnone wp-image-3360\" src=\"http:\/\/zsce.pl\/wp-content\/uploads\/2021\/05\/pdf.png\" alt=\"\" width=\"20\" height=\"20\" srcset=\"https:\/\/zsce.pl\/wp-content\/uploads\/2021\/05\/pdf.png 512w, https:\/\/zsce.pl\/wp-content\/uploads\/2021\/05\/pdf-365x365.png 365w\" sizes=\"auto, (max-width: 20px) 100vw, 20px\" \/>\u00a0Za\u0142\u0105cznik nr 9 \u2013 <strong><a href=\"http:\/\/zsce.pl\/wp-content\/uploads\/2021\/09\/Zalacznik-nr-9-do-Zarzadzenia-Dyrektora-Zespolu-Szkol-Centrum-Edukacji-z-dnia-30-sierpnia-2021-r-aktualizacja_09.pdf\" target=\"_blank\" rel=\"noopener\">Procedura komunikowania si\u0119 na drodze: nauczyciel-dyrektor, nauczyciel-rodzic<\/a><br \/>\n<\/strong><img loading=\"lazy\" decoding=\"async\" class=\"alignnone wp-image-3360\" src=\"http:\/\/zsce.pl\/wp-content\/uploads\/2021\/05\/pdf.png\" alt=\"\" width=\"20\" height=\"20\" srcset=\"https:\/\/zsce.pl\/wp-content\/uploads\/2021\/05\/pdf.png 512w, https:\/\/zsce.pl\/wp-content\/uploads\/2021\/05\/pdf-365x365.png 365w\" sizes=\"auto, (max-width: 20px) 100vw, 20px\" \/>\u00a0Za\u0142\u0105cznik nr 10 \u2013 <a href=\"http:\/\/zsce.pl\/wp-content\/uploads\/2021\/08\/Zalacznik-nr-10-do-Zarzadzenia-Dyrektora-Zespolu-Szkol-Centrum-Edukacji-z-dnia-30-sierpnia-2021-r.pdf\" target=\"_blank\" rel=\"noopener\"><strong>Procedura dezynfekcji<\/strong><\/a><\/span><\/p>\n<p style=\"padding-left: 40px;\" data-wp-editing=\"1\"><span style=\"font-family: arial, helvetica, sans-serif;\"><img loading=\"lazy\" decoding=\"async\" class=\"alignnone wp-image-3360\" src=\"http:\/\/zsce.pl\/wp-content\/uploads\/2021\/05\/pdf.png\" alt=\"\" width=\"20\" height=\"20\" srcset=\"https:\/\/zsce.pl\/wp-content\/uploads\/2021\/05\/pdf.png 512w, https:\/\/zsce.pl\/wp-content\/uploads\/2021\/05\/pdf-365x365.png 365w\" sizes=\"auto, (max-width: 20px) 100vw, 20px\" \/>\u00a0<a href=\"http:\/\/zsce.pl\/wp-content\/uploads\/2021\/08\/Zasady__Funkcjonowanie_sklepik_szkolny.pdf\" target=\"_blank\" rel=\"noopener\"><strong>Zasady funkcjonowania sklepiku szkolnego<\/strong><\/a><\/span><\/p>\n<p data-wp-editing=\"1\"><span style=\"font-family: arial, helvetica, sans-serif;\"><img loading=\"lazy\" decoding=\"async\" class=\"size-full wp-image-3592 alignnone\" src=\"http:\/\/zsce.pl\/wp-content\/uploads\/2021\/08\/linia01.png\" alt=\"\" width=\"1200\" height=\"10\" srcset=\"https:\/\/zsce.pl\/wp-content\/uploads\/2021\/08\/linia01.png 1200w, https:\/\/zsce.pl\/wp-content\/uploads\/2021\/08\/linia01-660x6.png 660w, https:\/\/zsce.pl\/wp-content\/uploads\/2021\/08\/linia01-840x7.png 840w, https:\/\/zsce.pl\/wp-content\/uploads\/2021\/08\/linia01-768x6.png 768w\" sizes=\"auto, (max-width: 1200px) 100vw, 1200px\" \/><\/span><br \/>\n<span style=\"color: #ff0000; font-family: arial, helvetica, sans-serif;\"><strong><span style=\"font-size: 14pt;\">Ubezpieczenie m\u0142odzie\u017cy i sk\u0142adka na Rad\u0119 Rodzic\u00f3w <\/span><\/strong><span style=\"font-size: 14pt; color: #000000;\"><span style=\"font-size: 12pt;\">w roku szkolnym 2021\/2022<\/span><\/span><\/span><\/p>\n<p style=\"padding-left: 40px;\" data-wp-editing=\"1\"><span style=\"font-family: arial, helvetica, sans-serif;\"><img loading=\"lazy\" decoding=\"async\" class=\"alignnone wp-image-3360\" src=\"http:\/\/zsce.pl\/wp-content\/uploads\/2021\/05\/pdf.png\" alt=\"\" width=\"20\" height=\"20\" srcset=\"https:\/\/zsce.pl\/wp-content\/uploads\/2021\/05\/pdf.png 512w, https:\/\/zsce.pl\/wp-content\/uploads\/2021\/05\/pdf-365x365.png 365w\" sizes=\"auto, (max-width: 20px) 100vw, 20px\" \/> <a href=\"http:\/\/zsce.pl\/wp-content\/uploads\/2021\/08\/Ulotka-Bezpieczne-Dziecko_ZS-Centrum-Edukacji.pdf\" target=\"_blank\" rel=\"noopener\">Ulotka informacyjna dotycz\u0105ca ubezpieczenia w programie &#8222;Bezpieczne Dziecko&#8221;<\/a><\/span><br \/>\n<span style=\"font-family: arial, helvetica, sans-serif;\"><img loading=\"lazy\" decoding=\"async\" class=\"alignnone wp-image-3360\" src=\"http:\/\/zsce.pl\/wp-content\/uploads\/2021\/05\/pdf.png\" alt=\"\" width=\"20\" height=\"20\" srcset=\"https:\/\/zsce.pl\/wp-content\/uploads\/2021\/05\/pdf.png 512w, https:\/\/zsce.pl\/wp-content\/uploads\/2021\/05\/pdf-365x365.png 365w\" sizes=\"auto, (max-width: 20px) 100vw, 20px\" \/> <a href=\"http:\/\/zsce.pl\/wp-content\/uploads\/2021\/08\/RODO_U.pdf\" target=\"_blank\" rel=\"noopener\">Klauzula informacyjna (RODO)<\/a><br \/>\n<img loading=\"lazy\" decoding=\"async\" class=\"alignnone wp-image-3360\" src=\"http:\/\/zsce.pl\/wp-content\/uploads\/2021\/05\/pdf.png\" alt=\"\" width=\"20\" height=\"20\" srcset=\"https:\/\/zsce.pl\/wp-content\/uploads\/2021\/05\/pdf.png 512w, https:\/\/zsce.pl\/wp-content\/uploads\/2021\/05\/pdf-365x365.png 365w\" sizes=\"auto, (max-width: 20px) 100vw, 20px\" \/> <a href=\"http:\/\/zsce.pl\/wp-content\/uploads\/2021\/09\/ubezp_RR_20212022-1.pdf\" target=\"_blank\" rel=\"noopener\"><span style=\"font-family: georgia, palatino, serif;\"><span style=\"font-family: arial, helvetica, sans-serif;\">Informacja dotycz\u0105ca wysoko\u015bci sk\u0142adki na ubezpieczenie i Rad\u0119 Rodzic\u00f3w<\/span><\/span><\/a><\/span><\/p>\n","protected":false},"excerpt":{"rendered":"<p>Drodzy Uczniowie i Uczennice, Szanowni Pa\u0144stwo Rodzice \/ Opiekunowie prawni, w trosce o bezpiecze\u0144stwo informujemy, \u017ce w tej zak\u0142adce na stronie internetowej szko\u0142y zamieszczane b\u0119d\u0105 niezb\u0119dne informacje oraz procedury i regulaminy obowi\u0105zuj\u0105ce na terenie Zespo\u0142u Szk\u00f3\u0142 Centrum Edukacji im. Ignacego \u0141ukasiewicza w roku szkolnym 2021\/2022. \u00a0 Komunikat Dyrektora Zespo\u0142u Szk\u00f3\u0142 Centrum Edukacji im. Ignacego \u0141ukasiewicza z dnia 24 sierpnia 2021&hellip;<\/p>\n","protected":false},"author":1,"featured_media":0,"parent":14,"menu_order":16,"comment_status":"closed","ping_status":"closed","template":"","meta":{"_mc_calendar":[],"footnotes":""},"class_list":["post-3551","page","type-page","status-publish","hentry"],"_links":{"self":[{"href":"https:\/\/zsce.pl\/index.php?rest_route=\/wp\/v2\/pages\/3551","targetHints":{"allow":["GET"]}}],"collection":[{"href":"https:\/\/zsce.pl\/index.php?rest_route=\/wp\/v2\/pages"}],"about":[{"href":"https:\/\/zsce.pl\/index.php?rest_route=\/wp\/v2\/types\/page"}],"author":[{"embeddable":true,"href":"https:\/\/zsce.pl\/index.php?rest_route=\/wp\/v2\/users\/1"}],"replies":[{"embeddable":true,"href":"https:\/\/zsce.pl\/index.php?rest_route=%2Fwp%2Fv2%2Fcomments&post=3551"}],"version-history":[{"count":41,"href":"https:\/\/zsce.pl\/index.php?rest_route=\/wp\/v2\/pages\/3551\/revisions"}],"predecessor-version":[{"id":3979,"href":"https:\/\/zsce.pl\/index.php?rest_route=\/wp\/v2\/pages\/3551\/revisions\/3979"}],"up":[{"embeddable":true,"href":"https:\/\/zsce.pl\/index.php?rest_route=\/wp\/v2\/pages\/14"}],"wp:attachment":[{"href":"https:\/\/zsce.pl\/index.php?rest_route=%2Fwp%2Fv2%2Fmedia&parent=3551"}],"curies":[{"name":"wp","href":"https:\/\/api.w.org\/{rel}","templated":true}]}}