{"id":2622,"date":"2020-08-28T17:43:38","date_gmt":"2020-08-28T16:43:38","guid":{"rendered":"http:\/\/zsce.pl\/?page_id=2622"},"modified":"2021-08-23T21:11:28","modified_gmt":"2021-08-23T20:11:28","slug":"chemik-w-czasie-pandemii","status":"publish","type":"page","link":"https:\/\/zsce.pl\/?page_id=2622","title":{"rendered":"&#8222;CHEMIK&#8221; w czasie pandemii (2020\/2021)"},"content":{"rendered":"<p style=\"text-align: justify;\"><strong><em><a href=\"http:\/\/zsce.pl\/?attachment_id=2621\" rel=\"attachment wp-att-2621\"><img loading=\"lazy\" decoding=\"async\" class=\"size-full wp-image-2621 alignleft\" src=\"http:\/\/zsce.pl\/wp-content\/uploads\/2020\/08\/images_covid_CHEMIK.jpg\" alt=\"\" width=\"291\" height=\"143\" \/><\/a>Drodzy Uczniowie i Uczennice,<\/em><\/strong><br \/>\n<strong><em>Szanowni Pa\u0144stwo Rodzice \/ Opiekunowie Prawni,<\/em><\/strong><\/p>\n<p style=\"text-align: justify;\">w trosce o bezpiecze\u0144stwo informujemy, \u017ce w tej zak\u0142adce na stronie internetowej szko\u0142y zamieszczane b\u0119d\u0105 niezb\u0119dne informacje oraz procedury i regulaminy obowi\u0105zuj\u0105ce na terenie Zespo\u0142u Szk\u00f3\u0142 Centrum Edukacji<br \/>\nim. Ignacego \u0141ukasiewicza.<\/p>\n<p>&nbsp;<\/p>\n<p style=\"text-align: center;\"><img loading=\"lazy\" decoding=\"async\" class=\"wp-image-1211 alignnone\" src=\"http:\/\/zsce.pl\/wp-content\/uploads\/2018\/10\/ikona-PDF_imagelarge.png\" alt=\"\" width=\"25\" height=\"25\" srcset=\"https:\/\/zsce.pl\/wp-content\/uploads\/2018\/10\/ikona-PDF_imagelarge.png 512w, https:\/\/zsce.pl\/wp-content\/uploads\/2018\/10\/ikona-PDF_imagelarge-365x365.png 365w\" sizes=\"auto, (max-width: 25px) 100vw, 25px\" \/> <span style=\"color: #ff0000;\"><strong><a style=\"color: #ff0000;\" href=\"http:\/\/zsce.pl\/wp-content\/uploads\/2020\/08\/Komunikat_Dyrektora_ZSCE_28082020.pdf\" target=\"_blank\" rel=\"noopener noreferrer\">Komunikat Dyrektora Zespo\u0142u Szk\u00f3\u0142 Centrum Edukacji im. Ignacego \u0141ukasiewicza z dnia 28.08.2020 r.<\/a><\/strong><br \/>\n<\/span><\/p>\n<hr \/>\n<p style=\"text-align: justify;\"><span style=\"font-size: 14pt; color: #ff0000;\"><strong>Procedury ochrony uczni\u00f3w i pracownik\u00f3w przed Covid-19<\/strong><\/span> stanowi\u0105ce za\u0142\u0105cznik do Zarz\u0105dzenia 12\/2019\/2020 Dyrektora Zespo\u0142u Szk\u00f3\u0142 Centrum Edukacji im. Ignacego \u0141ukasiewicza z dnia 28 sierpnia 2020 r.<\/p>\n<p style=\"padding-left: 40px;\" data-wp-editing=\"1\"><img loading=\"lazy\" decoding=\"async\" class=\"wp-image-1211 alignnone\" src=\"http:\/\/zsce.pl\/wp-content\/uploads\/2018\/10\/ikona-PDF_imagelarge.png\" alt=\"\" width=\"25\" height=\"25\" srcset=\"https:\/\/zsce.pl\/wp-content\/uploads\/2018\/10\/ikona-PDF_imagelarge.png 512w, https:\/\/zsce.pl\/wp-content\/uploads\/2018\/10\/ikona-PDF_imagelarge-365x365.png 365w\" sizes=\"auto, (max-width: 25px) 100vw, 25px\" \/> Za\u0142\u0105cznik nr 1 &#8211; <strong><a href=\"http:\/\/zsce.pl\/wp-content\/uploads\/2020\/08\/Za\u0142\u0105cznik-nr-1-do-Zarz\u0105dzenia-Dyrektora-Zespo\u0142u-Szk\u00f3\u0142-Centrum-Edukacji-z-dnia-28-sierpnia-2020-r.pdf\" target=\"_blank\" rel=\"noopener noreferrer\">Procedura przychodzenia uczni\u00f3w do szko\u0142y<\/a><br \/>\n<\/strong><img loading=\"lazy\" decoding=\"async\" class=\"wp-image-1211 alignnone\" src=\"http:\/\/zsce.pl\/wp-content\/uploads\/2018\/10\/ikona-PDF_imagelarge.png\" alt=\"\" width=\"25\" height=\"25\" srcset=\"https:\/\/zsce.pl\/wp-content\/uploads\/2018\/10\/ikona-PDF_imagelarge.png 512w, https:\/\/zsce.pl\/wp-content\/uploads\/2018\/10\/ikona-PDF_imagelarge-365x365.png 365w\" sizes=\"auto, (max-width: 25px) 100vw, 25px\" \/> Za\u0142\u0105cznik nr 2 &#8211; <strong><a href=\"http:\/\/zsce.pl\/wp-content\/uploads\/2020\/08\/Za\u0142\u0105cznik-nr-2-do-Zarz\u0105dzenia-Dyrektora-Zespo\u0142u-Szk\u00f3\u0142-Centrum-Edukacji-z-dnia-28-sierpnia-2020-r.pdf\" target=\"_blank\" rel=\"noopener noreferrer\">Procedura pobytu uczni\u00f3w w salach dydaktycznych<\/a><br \/>\n<\/strong><img loading=\"lazy\" decoding=\"async\" class=\"wp-image-1211 alignnone\" src=\"http:\/\/zsce.pl\/wp-content\/uploads\/2018\/10\/ikona-PDF_imagelarge.png\" alt=\"\" width=\"25\" height=\"25\" srcset=\"https:\/\/zsce.pl\/wp-content\/uploads\/2018\/10\/ikona-PDF_imagelarge.png 512w, https:\/\/zsce.pl\/wp-content\/uploads\/2018\/10\/ikona-PDF_imagelarge-365x365.png 365w\" sizes=\"auto, (max-width: 25px) 100vw, 25px\" \/> Za\u0142\u0105cznik nr 3 &#8211; <strong><a href=\"http:\/\/zsce.pl\/wp-content\/uploads\/2020\/08\/Za\u0142\u0105cznik-nr-3-do-Zarz\u0105dzenia-Dyrektora-Zespo\u0142u-Szk\u00f3\u0142-Centrum-Edukacji-z-dnia-28-sierpnia-2020-r.pdf\" target=\"_blank\" rel=\"noopener noreferrer\">Procedura organizacji zaj\u0119\u0107 wychowania fizycznego<\/a><br \/>\n<\/strong><img loading=\"lazy\" decoding=\"async\" class=\"wp-image-1211 alignnone\" src=\"http:\/\/zsce.pl\/wp-content\/uploads\/2018\/10\/ikona-PDF_imagelarge.png\" alt=\"\" width=\"25\" height=\"25\" srcset=\"https:\/\/zsce.pl\/wp-content\/uploads\/2018\/10\/ikona-PDF_imagelarge.png 512w, https:\/\/zsce.pl\/wp-content\/uploads\/2018\/10\/ikona-PDF_imagelarge-365x365.png 365w\" sizes=\"auto, (max-width: 25px) 100vw, 25px\" \/> Za\u0142\u0105cznik nr 4 &#8211; <strong><a href=\"http:\/\/zsce.pl\/wp-content\/uploads\/2020\/08\/Za\u0142\u0105cznik-nr-4-do-Zarz\u0105dzenia-Dyrektora-Zespo\u0142u-Szk\u00f3\u0142-Centrum-Edukacji-z-dnia-28-sierpnia-2020-r.pdf\" target=\"_blank\" rel=\"noopener noreferrer\">Procedura przestrzegania zasad ochrony w trakcie udzielania pomocy psychologiczno\u2013 pedagogicznej oraz zaj\u0119\u0107 rewalidacyjnych<\/a><br \/>\n<\/strong><img loading=\"lazy\" decoding=\"async\" class=\"wp-image-1211 alignnone\" src=\"http:\/\/zsce.pl\/wp-content\/uploads\/2018\/10\/ikona-PDF_imagelarge.png\" alt=\"\" width=\"25\" height=\"25\" srcset=\"https:\/\/zsce.pl\/wp-content\/uploads\/2018\/10\/ikona-PDF_imagelarge.png 512w, https:\/\/zsce.pl\/wp-content\/uploads\/2018\/10\/ikona-PDF_imagelarge-365x365.png 365w\" sizes=\"auto, (max-width: 25px) 100vw, 25px\" \/> Za\u0142\u0105cznik nr 5 &#8211; <strong><a href=\"http:\/\/zsce.pl\/wp-content\/uploads\/2020\/08\/Za\u0142\u0105cznik-nr-5-do-Zarz\u0105dzenia-Dyrektora-Zespo\u0142u-Szk\u00f3\u0142-Centrum-Edukacji-z-dnia-28-sierpnia-2020-r.pdf\" target=\"_blank\" rel=\"noopener noreferrer\">Procedura funkcjonowania biblioteki szkolnej<\/a><br \/>\n<\/strong><img loading=\"lazy\" decoding=\"async\" class=\"wp-image-1211 alignnone\" src=\"http:\/\/zsce.pl\/wp-content\/uploads\/2018\/10\/ikona-PDF_imagelarge.png\" alt=\"\" width=\"25\" height=\"25\" srcset=\"https:\/\/zsce.pl\/wp-content\/uploads\/2018\/10\/ikona-PDF_imagelarge.png 512w, https:\/\/zsce.pl\/wp-content\/uploads\/2018\/10\/ikona-PDF_imagelarge-365x365.png 365w\" sizes=\"auto, (max-width: 25px) 100vw, 25px\" \/> Za\u0142\u0105cznik nr 6 &#8211; <strong><a href=\"http:\/\/zsce.pl\/wp-content\/uploads\/2020\/08\/Za\u0142\u0105cznik-nr-6-do-Zarz\u0105dzenia-Dyrektora-Zespo\u0142u-Szk\u00f3\u0142-Centrum-Edukacji-z-dnia-28-sierpnia-2020-r.pdf\" target=\"_blank\" rel=\"noopener noreferrer\">Procedura post\u0119powania w przypadku stwierdzenia zagro\u017cenia zara\u017cenia wirusem Covid-19<\/a><br \/>\n<\/strong><img loading=\"lazy\" decoding=\"async\" class=\"wp-image-1211 alignnone\" src=\"http:\/\/zsce.pl\/wp-content\/uploads\/2018\/10\/ikona-PDF_imagelarge.png\" alt=\"\" width=\"25\" height=\"25\" srcset=\"https:\/\/zsce.pl\/wp-content\/uploads\/2018\/10\/ikona-PDF_imagelarge.png 512w, https:\/\/zsce.pl\/wp-content\/uploads\/2018\/10\/ikona-PDF_imagelarge-365x365.png 365w\" sizes=\"auto, (max-width: 25px) 100vw, 25px\" \/> Za\u0142\u0105cznik nr 7 &#8211; <strong><a href=\"http:\/\/zsce.pl\/wp-content\/uploads\/2020\/08\/Za\u0142\u0105cznik-nr-7-do-Zarz\u0105dzenia-Dyrektora-Zespo\u0142u-Szk\u00f3\u0142-Centrum-Edukacji-z-dnia-28-sierpnia-2020-r.pdf\" target=\"_blank\" rel=\"noopener noreferrer\">Procedura spo\u017cywania posi\u0142k\u00f3w na terenie szko\u0142y<\/a><br \/>\n<\/strong><img loading=\"lazy\" decoding=\"async\" class=\"wp-image-1211 alignnone\" src=\"http:\/\/zsce.pl\/wp-content\/uploads\/2018\/10\/ikona-PDF_imagelarge.png\" alt=\"\" width=\"25\" height=\"25\" srcset=\"https:\/\/zsce.pl\/wp-content\/uploads\/2018\/10\/ikona-PDF_imagelarge.png 512w, https:\/\/zsce.pl\/wp-content\/uploads\/2018\/10\/ikona-PDF_imagelarge-365x365.png 365w\" sizes=\"auto, (max-width: 25px) 100vw, 25px\" \/> Za\u0142\u0105cznik nr 8 &#8211; <strong><a href=\"http:\/\/zsce.pl\/wp-content\/uploads\/2020\/08\/Za\u0142\u0105cznik-nr-8-do-Zarz\u0105dzenia-Dyrektora-Zespo\u0142u-Szk\u00f3\u0142-Centrum-Edukacji-z-dnia-28-sierpnia-2020-r.pdf\" target=\"_blank\" rel=\"noopener noreferrer\">Procedura komunikacji z rodzicami\/opiekunami prawnymi w przypadku pogorszenia si\u0119 stanu zdrowia ucznia na terenie szko\u0142y<\/a><br \/>\n<\/strong><img loading=\"lazy\" decoding=\"async\" class=\"wp-image-1211 alignnone\" src=\"http:\/\/zsce.pl\/wp-content\/uploads\/2018\/10\/ikona-PDF_imagelarge.png\" alt=\"\" width=\"25\" height=\"25\" srcset=\"https:\/\/zsce.pl\/wp-content\/uploads\/2018\/10\/ikona-PDF_imagelarge.png 512w, https:\/\/zsce.pl\/wp-content\/uploads\/2018\/10\/ikona-PDF_imagelarge-365x365.png 365w\" sizes=\"auto, (max-width: 25px) 100vw, 25px\" \/> Za\u0142\u0105cznik nr 9 &#8211; <strong><a href=\"http:\/\/zsce.pl\/wp-content\/uploads\/2020\/08\/Za\u0142\u0105cznik-nr-9-do-Zarz\u0105dzenia-Dyrektora-Zespo\u0142u-Szk\u00f3\u0142-Centrum-Edukacji-z-dnia-28-sierpnia-2020-r.pdf\" target=\"_blank\" rel=\"noopener noreferrer\">Procedura komunikowania si\u0119 na drodze: nauczyciel-dyrektor, nauczyciel-rodzic<\/a><br \/>\n<\/strong><img loading=\"lazy\" decoding=\"async\" class=\"wp-image-1211 alignnone\" src=\"http:\/\/zsce.pl\/wp-content\/uploads\/2018\/10\/ikona-PDF_imagelarge.png\" alt=\"\" width=\"25\" height=\"25\" srcset=\"https:\/\/zsce.pl\/wp-content\/uploads\/2018\/10\/ikona-PDF_imagelarge.png 512w, https:\/\/zsce.pl\/wp-content\/uploads\/2018\/10\/ikona-PDF_imagelarge-365x365.png 365w\" sizes=\"auto, (max-width: 25px) 100vw, 25px\" \/> Za\u0142\u0105cznik nr 10 &#8211; <a href=\"http:\/\/zsce.pl\/wp-content\/uploads\/2020\/08\/Za\u0142\u0105cznik-nr-10-do-Zarz\u0105dzenia-Dyrektora-Zespo\u0142u-Szk\u00f3\u0142-Centrum-Edukacji-z-dnia-28-sierpnia-2020-r.pdf\" target=\"_blank\" rel=\"noopener noreferrer\"><strong>Procedura dezynfekcji<\/strong><\/a><\/p>\n<p style=\"padding-left: 40px;\" data-wp-editing=\"1\"><img loading=\"lazy\" decoding=\"async\" class=\"wp-image-1211 alignnone\" src=\"http:\/\/zsce.pl\/wp-content\/uploads\/2018\/10\/ikona-PDF_imagelarge.png\" alt=\"\" width=\"25\" height=\"25\" srcset=\"https:\/\/zsce.pl\/wp-content\/uploads\/2018\/10\/ikona-PDF_imagelarge.png 512w, https:\/\/zsce.pl\/wp-content\/uploads\/2018\/10\/ikona-PDF_imagelarge-365x365.png 365w\" sizes=\"auto, (max-width: 25px) 100vw, 25px\" \/> <strong><a href=\"http:\/\/zsce.pl\/wp-content\/uploads\/2020\/09\/Zasady__Funkcjonowanie_sklepik_szkolny.pdf\" target=\"_blank\" rel=\"noopener noreferrer\">Zasady funkcjonowania sklepiku szkolnego<\/a><\/strong><\/p>\n<hr \/>\n<p data-wp-editing=\"1\"><span style=\"color: #ff0000;\"><strong><span style=\"font-size: 14pt;\">Informacja o op\u0142atach w roku szkolnym 2020\/2021<\/span><\/strong><\/span><\/p>\n<p style=\"padding-left: 40px;\" data-wp-editing=\"1\"><img loading=\"lazy\" decoding=\"async\" class=\"wp-image-1211 alignnone\" src=\"http:\/\/zsce.pl\/wp-content\/uploads\/2018\/10\/ikona-PDF_imagelarge.png\" alt=\"\" width=\"25\" height=\"25\" srcset=\"https:\/\/zsce.pl\/wp-content\/uploads\/2018\/10\/ikona-PDF_imagelarge.png 512w, https:\/\/zsce.pl\/wp-content\/uploads\/2018\/10\/ikona-PDF_imagelarge-365x365.png 365w\" sizes=\"auto, (max-width: 25px) 100vw, 25px\" \/> <strong><a href=\"http:\/\/zsce.pl\/wp-content\/uploads\/2020\/09\/Zarzadzenie_Nr_13_2019_2020.pdf\" target=\"_blank\" rel=\"noopener noreferrer\">Informacja o op\u0142atach w roku szkolnym 2020\/2021<\/a><\/strong> (Zarz\u0105dzenie 13\/2019\/2020 Dyrektora Zespo\u0142u Szk\u00f3\u0142 Centrum Edukacji im. Ignacego \u0141ukasiewicza z dnia 28.08.2020 r. w sprawie wysoko\u015bci op\u0142at w roku szkolnym 2020\/2021)<\/p>\n<hr \/>\n<p data-wp-editing=\"1\"><span style=\"font-size: 14pt; color: #ff0000;\"><strong>Organizacja zaj\u0119\u0107 od 2 wrze\u015bnia 2020 r.<\/strong><\/span><\/p>\n<p style=\"padding-left: 40px;\" data-wp-editing=\"1\"><img loading=\"lazy\" decoding=\"async\" class=\"wp-image-1211 alignnone\" src=\"http:\/\/zsce.pl\/wp-content\/uploads\/2018\/10\/ikona-PDF_imagelarge.png\" alt=\"\" width=\"25\" height=\"25\" srcset=\"https:\/\/zsce.pl\/wp-content\/uploads\/2018\/10\/ikona-PDF_imagelarge.png 512w, https:\/\/zsce.pl\/wp-content\/uploads\/2018\/10\/ikona-PDF_imagelarge-365x365.png 365w\" sizes=\"auto, (max-width: 25px) 100vw, 25px\" \/> <a href=\"http:\/\/zsce.pl\/wp-content\/uploads\/2020\/09\/Organizacja-zajec-od-2-wrzesnia-2020.pdf\" target=\"_blank\" rel=\"noopener noreferrer\"><strong>Organizacja zaj\u0119\u0107 od 2 wrze\u015bnia 2020 r.<\/strong><\/a><\/p>\n<hr \/>\n<p data-wp-editing=\"1\"><span style=\"color: #ff0000;\"><strong><span style=\"font-size: 14pt;\">Informacja o ubezpieczeniu uczni\u00f3w i sk\u0142adce na Rad\u0119 Rodzic\u00f3w<\/span><\/strong><\/span><\/p>\n<p style=\"padding-left: 40px;\" data-wp-editing=\"1\"><img loading=\"lazy\" decoding=\"async\" class=\"wp-image-1211 alignnone\" src=\"http:\/\/zsce.pl\/wp-content\/uploads\/2018\/10\/ikona-PDF_imagelarge.png\" alt=\"\" width=\"25\" height=\"25\" srcset=\"https:\/\/zsce.pl\/wp-content\/uploads\/2018\/10\/ikona-PDF_imagelarge.png 512w, https:\/\/zsce.pl\/wp-content\/uploads\/2018\/10\/ikona-PDF_imagelarge-365x365.png 365w\" sizes=\"auto, (max-width: 25px) 100vw, 25px\" \/> <a href=\"http:\/\/zsce.pl\/wp-content\/uploads\/2020\/09\/ubezp_RR_20202021.pdf\" target=\"_blank\" rel=\"noopener noreferrer\"><strong>Informacja o ubezpieczeniu uczni\u00f3w i sk\u0142adce na Rad\u0119 Rodzic\u00f3w<\/strong><\/a><br \/>\n<img loading=\"lazy\" decoding=\"async\" class=\"wp-image-1211 alignnone\" src=\"http:\/\/zsce.pl\/wp-content\/uploads\/2018\/10\/ikona-PDF_imagelarge.png\" alt=\"\" width=\"25\" height=\"25\" srcset=\"https:\/\/zsce.pl\/wp-content\/uploads\/2018\/10\/ikona-PDF_imagelarge.png 512w, https:\/\/zsce.pl\/wp-content\/uploads\/2018\/10\/ikona-PDF_imagelarge-365x365.png 365w\" sizes=\"auto, (max-width: 25px) 100vw, 25px\" \/> <a href=\"http:\/\/zsce.pl\/wp-content\/uploads\/2020\/09\/PZU-uczniowie-A.pdf\" target=\"_blank\" rel=\"noopener noreferrer\">Opis ubezpieczenia uczni\u00f3w przez ubezpieczyciela<\/a><\/p>\n<hr \/>\n<p data-wp-editing=\"1\"><span style=\"font-size: 14pt; color: #ff0000;\"><strong>Organizacja zaj\u0119\u0107 od 7 wrze\u015bnia 2020 r.<\/strong><\/span><\/p>\n<p style=\"padding-left: 40px;\" data-wp-editing=\"1\"><img loading=\"lazy\" decoding=\"async\" class=\"wp-image-1211 alignnone\" src=\"http:\/\/zsce.pl\/wp-content\/uploads\/2018\/10\/ikona-PDF_imagelarge.png\" alt=\"\" width=\"25\" height=\"25\" srcset=\"https:\/\/zsce.pl\/wp-content\/uploads\/2018\/10\/ikona-PDF_imagelarge.png 512w, https:\/\/zsce.pl\/wp-content\/uploads\/2018\/10\/ikona-PDF_imagelarge-365x365.png 365w\" sizes=\"auto, (max-width: 25px) 100vw, 25px\" \/> <a href=\"http:\/\/zsce.pl\/wp-content\/uploads\/2020\/09\/Organizacja-zajec-od-7-wrzesnia-2020.pdf\" target=\"_blank\" rel=\"noopener noreferrer\"><strong>Organizacja zaj\u0119\u0107 od 7 wrze\u015bnia 2020 r.<\/strong><\/a><\/p>\n<hr \/>\n","protected":false},"excerpt":{"rendered":"<p>Drodzy Uczniowie i Uczennice, Szanowni Pa\u0144stwo Rodzice \/ Opiekunowie Prawni, w trosce o bezpiecze\u0144stwo informujemy, \u017ce w tej zak\u0142adce na stronie internetowej szko\u0142y zamieszczane b\u0119d\u0105 niezb\u0119dne informacje oraz procedury i regulaminy obowi\u0105zuj\u0105ce na terenie Zespo\u0142u Szk\u00f3\u0142 Centrum Edukacji im. Ignacego \u0141ukasiewicza. &nbsp; Komunikat Dyrektora Zespo\u0142u Szk\u00f3\u0142 Centrum Edukacji im. Ignacego \u0141ukasiewicza z dnia 28.08.2020 r. Procedury ochrony uczni\u00f3w i pracownik\u00f3w&hellip;<\/p>\n","protected":false},"author":1,"featured_media":0,"parent":14,"menu_order":0,"comment_status":"closed","ping_status":"closed","template":"","meta":{"_mc_calendar":[],"footnotes":""},"class_list":["post-2622","page","type-page","status-publish","hentry"],"_links":{"self":[{"href":"https:\/\/zsce.pl\/index.php?rest_route=\/wp\/v2\/pages\/2622","targetHints":{"allow":["GET"]}}],"collection":[{"href":"https:\/\/zsce.pl\/index.php?rest_route=\/wp\/v2\/pages"}],"about":[{"href":"https:\/\/zsce.pl\/index.php?rest_route=\/wp\/v2\/types\/page"}],"author":[{"embeddable":true,"href":"https:\/\/zsce.pl\/index.php?rest_route=\/wp\/v2\/users\/1"}],"replies":[{"embeddable":true,"href":"https:\/\/zsce.pl\/index.php?rest_route=%2Fwp%2Fv2%2Fcomments&post=2622"}],"version-history":[{"count":27,"href":"https:\/\/zsce.pl\/index.php?rest_route=\/wp\/v2\/pages\/2622\/revisions"}],"predecessor-version":[{"id":3545,"href":"https:\/\/zsce.pl\/index.php?rest_route=\/wp\/v2\/pages\/2622\/revisions\/3545"}],"up":[{"embeddable":true,"href":"https:\/\/zsce.pl\/index.php?rest_route=\/wp\/v2\/pages\/14"}],"wp:attachment":[{"href":"https:\/\/zsce.pl\/index.php?rest_route=%2Fwp%2Fv2%2Fmedia&parent=2622"}],"curies":[{"name":"wp","href":"https:\/\/api.w.org\/{rel}","templated":true}]}}